{"id":2420,"date":"2025-10-12T22:44:17","date_gmt":"2025-10-12T22:44:17","guid":{"rendered":"https:\/\/mevic.pt\/ir\/?page_id=2420"},"modified":"2025-12-03T11:13:31","modified_gmt":"2025-12-03T11:13:31","slug":"daniel-ponte","status":"publish","type":"page","link":"https:\/\/mevic.pt\/ir\/quem-somos\/daniel-ponte\/","title":{"rendered":"Daniel da Ponte"},"content":{"rendered":"\n<div style=\"height:30px\" aria-hidden=\"true\" class=\"wp-block-spacer\"><\/div>\n\n\n\n<div class=\"wp-block-cover alignfull is-light\"><span aria-hidden=\"true\" class=\"wp-block-cover__background has-neve-link-hover-color-background-color has-background-dim\"><\/span><div class=\"wp-block-cover__inner-container is-layout-flow wp-block-cover-is-layout-flow\">\n<div class=\"wp-block-group\"><div class=\"wp-block-group__inner-container is-layout-flow wp-block-group-is-layout-flow\">\n<div style=\"height:80px\" aria-hidden=\"true\" class=\"wp-block-spacer\"><\/div>\n\n\n\n<div class=\"wp-block-columns is-layout-flex wp-container-core-columns-is-layout-9d6595d7 wp-block-columns-is-layout-flex\">\n<div class=\"wp-block-column is-vertically-aligned-top is-layout-flow wp-block-column-is-layout-flow\" style=\"flex-basis:30%\"><div class=\"wp-block-image\">\n<figure class=\"aligncenter size-full has-custom-border\"><img loading=\"lazy\" decoding=\"async\" width=\"225\" height=\"225\" src=\"https:\/\/mevic.pt\/ir\/wp-content\/uploads\/2025\/09\/07-225x225-1.jpg\" alt=\"\" class=\"wp-image-2300\" style=\"border-radius:100%;object-fit:cover\" srcset=\"https:\/\/mevic.pt\/ir\/wp-content\/uploads\/2025\/09\/07-225x225-1.jpg 225w, https:\/\/mevic.pt\/ir\/wp-content\/uploads\/2025\/09\/07-225x225-1-150x150.jpg 150w\" sizes=\"auto, (max-width: 225px) 100vw, 225px\" \/><\/figure>\n<\/div><\/div>\n\n\n\n<div class=\"wp-block-column is-vertically-aligned-top is-layout-flow wp-block-column-is-layout-flow\" style=\"flex-basis:70%\">\n<p class=\"has-neve-text-color-color has-text-color\">Daniel da Ponte \u00e9 coordenador e produtor do Global Leadership Network em Portugal, atuando na promo\u00e7\u00e3o, organiza\u00e7\u00e3o e desenvolvimento de iniciativas dedicadas \u00e0 forma\u00e7\u00e3o e capacita\u00e7\u00e3o de l\u00edderes. \u00c9 tamb\u00e9m obreiro estagi\u00e1rio das Assembleias de Deus em Portugal e possui experi\u00eancia mission\u00e1ria na Guin\u00e9-Bissau, onde serviu durante um ano no projeto Semeadores de Alegria e atuou como mobilizador do Projeto Barnab\u00e9 em campanhas evangel\u00edsticas. Formou-se em B\u00edblia e Teologia no Monte Esperan\u00e7a \u2013 Instituto B\u00edblico das Assembleias de Deus, consolidando um percurso marcado pela a\u00e7\u00e3o mission\u00e1ria e pelo compromisso com a edifica\u00e7\u00e3o da igreja.<\/p>\n\n\n\n<h3 class=\"wp-block-heading has-text-align-center has-neve-text-color-color has-text-color\"><small>GLS Summit<\/small><\/h3>\n\n\n\n<div style=\"height:24px\" aria-hidden=\"true\" class=\"wp-block-spacer\"><\/div>\n\n\n\n<div class=\"wp-block-uagb-buttons uagb-buttons__outer-wrap uagb-btn__default-btn uagb-btn-tablet__default-btn uagb-btn-mobile__default-btn uagb-block-247410f8\"><div class=\"uagb-buttons__wrap uagb-buttons-layout-wrap \">\n<div class=\"wp-block-uagb-buttons-child uagb-buttons__outer-wrap uagb-block-353f3dd9 wp-block-button\"><div class=\"uagb-button__wrapper\"><a class=\"uagb-buttons-repeater wp-block-button__link\" aria-label=\"\" href=\"https:\/\/mevic.pt\/ir\/quem-somos\/#a-equipa\" rel=\"follow noopener\" target=\"_self\" role=\"button\"><div class=\"uagb-button__link\">Voltar<\/div><\/a><\/div><\/div>\n<\/div><\/div>\n<\/div>\n<\/div>\n\n\n\n<div style=\"height:100px\" aria-hidden=\"true\" class=\"wp-block-spacer\"><\/div>\n<\/div><\/div>\n<\/div><\/div>\n","protected":false},"excerpt":{"rendered":"","protected":false},"author":1,"featured_media":0,"parent":61,"menu_order":0,"comment_status":"closed","ping_status":"closed","template":"","meta":{"_uag_custom_page_level_css":"","neve_meta_sidebar":"default","neve_meta_container":"","neve_meta_enable_content_width":"on","neve_meta_content_width":100,"neve_meta_title_alignment":"","neve_meta_author_avatar":"","neve_post_elements_order":"","neve_meta_disable_header":"","neve_meta_disable_footer":"","neve_meta_disable_title":"off","_themeisle_gutenberg_block_has_review":false,"_vp_format_video_url":"","_vp_image_focal_point":[],"footnotes":""},"class_list":["post-2420","page","type-page","status-publish","hentry"],"uagb_featured_image_src":{"full":false,"thumbnail":false,"medium":false,"medium_large":false,"large":false,"1536x1536":false,"2048x2048":false,"vp_sm":false,"vp_md":false,"vp_lg":false,"vp_xl":false,"vp_sm_popup":false,"vp_md_popup":false,"vp_xl_popup":false,"neve-blog":false},"uagb_author_info":{"display_name":"wpadminmev","author_link":"https:\/\/mevic.pt\/ir\/blog\/author\/wpadminmev\/"},"uagb_comment_info":0,"uagb_excerpt":null,"_links":{"self":[{"href":"https:\/\/mevic.pt\/ir\/wp-json\/wp\/v2\/pages\/2420","targetHints":{"allow":["GET"]}}],"collection":[{"href":"https:\/\/mevic.pt\/ir\/wp-json\/wp\/v2\/pages"}],"about":[{"href":"https:\/\/mevic.pt\/ir\/wp-json\/wp\/v2\/types\/page"}],"author":[{"embeddable":true,"href":"https:\/\/mevic.pt\/ir\/wp-json\/wp\/v2\/users\/1"}],"replies":[{"embeddable":true,"href":"https:\/\/mevic.pt\/ir\/wp-json\/wp\/v2\/comments?post=2420"}],"version-history":[{"count":13,"href":"https:\/\/mevic.pt\/ir\/wp-json\/wp\/v2\/pages\/2420\/revisions"}],"predecessor-version":[{"id":3314,"href":"https:\/\/mevic.pt\/ir\/wp-json\/wp\/v2\/pages\/2420\/revisions\/3314"}],"up":[{"embeddable":true,"href":"https:\/\/mevic.pt\/ir\/wp-json\/wp\/v2\/pages\/61"}],"wp:attachment":[{"href":"https:\/\/mevic.pt\/ir\/wp-json\/wp\/v2\/media?parent=2420"}],"curies":[{"name":"wp","href":"https:\/\/api.w.org\/{rel}","templated":true}]}}