{"id":2715,"date":"2025-11-21T19:35:26","date_gmt":"2025-11-21T19:35:26","guid":{"rendered":"https:\/\/mevic.pt\/ir\/?page_id=2715"},"modified":"2025-11-25T00:06:23","modified_gmt":"2025-11-25T00:06:23","slug":"termos-e-condicoes","status":"publish","type":"page","link":"https:\/\/mevic.pt\/ir\/termos-e-condicoes\/","title":{"rendered":"Termos e condi\u00e7\u00f5es"},"content":{"rendered":"\n<div style=\"height:30px\" aria-hidden=\"true\" class=\"wp-block-spacer\"><\/div>\n\n\n\n<p>Os presentes termos e condi\u00e7\u00f5es regem o donativo que ir\u00e1 realizar a favor de:<\/p>\n\n\n\n<p><strong>MEVIC <\/strong>\u2013 <strong>M<\/strong>iss\u00e3o <strong>E<\/strong>vang\u00e9lica <strong>I<\/strong>nter<strong>c<\/strong>ultural<br>NIPC: PT592005968<br>R. Alexandre Herculano 52<br>Escrit\u00f3rio 3<br>2605-015 Belas \u2013 Sintra<\/p>\n\n\n\n<ul class=\"wp-block-list\">\n<li>Ao efetuar um donativo est\u00e1 a aceitar implicitamente os presentes termos e condi\u00e7\u00f5es.<\/li>\n\n\n\n<li>Um donativo constitui uma oferta volunt\u00e1ria e n\u00e3o reembols\u00e1vel n\u00e3o constituindo qualquer esp\u00e9cie de compensa\u00e7\u00e3o por bens ou servi\u00e7os.<\/li>\n\n\n\n<li>O seu donativo ser\u00e1 processado, em Euros (\u20ac), por uma entidade terceira, prestadora de servi\u00e7os de pagamento, em conformidade com os respetivos termos e condi\u00e7\u00f5es de pagamento.<\/li>\n\n\n\n<li>O donativo ser\u00e1 utilizado para o financiamento de mission\u00e1rios, programas espec\u00edficos divulgados no website, ou do regular da <strong>MEVIC<\/strong>.<\/li>\n\n\n\n<li>A <strong>MEVIC <\/strong>n\u00e3o ser\u00e1 obrigada a devolver o donativo, salvo se desaparecer o prop\u00f3sito para o qual o donativo foi inicialmente efetuado.<\/li>\n\n\n\n<li>A <strong>MEVIC <\/strong>e os seus fornecedores n\u00e3o ser\u00e3o respons\u00e1veis por quaisquer perdas diretas ou indiretas, perdas de receitas, perdas de lucros ou outros danos incidentais ou consequentes, ainda que estejam informados da possibilidade de tais danos, por motivo de qualquer ato ou omiss\u00e3o nos termos destes termos e condi\u00e7\u00f5es.<\/li>\n\n\n\n<li>Consulte aqui a nossa <a href=\"https:\/\/mevic.pt\/ir\/privacidade\/\" rel=\"nofollow\">Pol\u00edtica de Privacidade<\/a>. Veja tamb\u00e9m a nossa <a href=\"https:\/\/mevic.pt\/ir\/declaracao-de-fe\/\">Declara\u00e7\u00e3o de F\u00e9<\/a>. Se tem alguma d\u00favida sobre as pol\u00edticas de Privacidade, Declara\u00e7\u00e3o de F\u00e9 e Direitos de Autor (copyright) deste site, por favor contacte-nos.<\/li>\n<\/ul>\n\n\n<input type=\"button\" value=\"Voltar\" class=\"alg_back_button_input \" style=\"color:#ffffff; border-radius:8px;\" onclick=\"window.history.back()\" \/>\n\n\n\n<div style=\"height:100px\" aria-hidden=\"true\" class=\"wp-block-spacer\"><\/div>\n","protected":false},"excerpt":{"rendered":"<p>Os presentes termos e condi\u00e7\u00f5es regem o donativo que ir\u00e1 realizar a favor de: MEVIC \u2013 Miss\u00e3o Evang\u00e9lica InterculturalNIPC: PT592005968R. Alexandre Herculano 52Escrit\u00f3rio 32605-015 Belas \u2013 Sintra<\/p>\n","protected":false},"author":1,"featured_media":0,"parent":0,"menu_order":0,"comment_status":"closed","ping_status":"closed","template":"","meta":{"_uag_custom_page_level_css":"","neve_meta_sidebar":"","neve_meta_container":"","neve_meta_enable_content_width":"","neve_meta_content_width":0,"neve_meta_title_alignment":"left","neve_meta_author_avatar":"","neve_post_elements_order":"","neve_meta_disable_header":"","neve_meta_disable_footer":"","neve_meta_disable_title":"off","_themeisle_gutenberg_block_has_review":false,"_vp_format_video_url":"","_vp_image_focal_point":[],"footnotes":""},"class_list":["post-2715","page","type-page","status-publish","hentry"],"uagb_featured_image_src":{"full":false,"thumbnail":false,"medium":false,"medium_large":false,"large":false,"1536x1536":false,"2048x2048":false,"vp_sm":false,"vp_md":false,"vp_lg":false,"vp_xl":false,"vp_sm_popup":false,"vp_md_popup":false,"vp_xl_popup":false,"neve-blog":false},"uagb_author_info":{"display_name":"wpadminmev","author_link":"https:\/\/mevic.pt\/ir\/blog\/author\/wpadminmev\/"},"uagb_comment_info":0,"uagb_excerpt":"Os presentes termos e condi\u00e7\u00f5es regem o donativo que ir\u00e1 realizar a favor de: MEVIC \u2013 Miss\u00e3o Evang\u00e9lica InterculturalNIPC: PT592005968R. Alexandre Herculano 52Escrit\u00f3rio 32605-015 Belas \u2013 Sintra","_links":{"self":[{"href":"https:\/\/mevic.pt\/ir\/wp-json\/wp\/v2\/pages\/2715","targetHints":{"allow":["GET"]}}],"collection":[{"href":"https:\/\/mevic.pt\/ir\/wp-json\/wp\/v2\/pages"}],"about":[{"href":"https:\/\/mevic.pt\/ir\/wp-json\/wp\/v2\/types\/page"}],"author":[{"embeddable":true,"href":"https:\/\/mevic.pt\/ir\/wp-json\/wp\/v2\/users\/1"}],"replies":[{"embeddable":true,"href":"https:\/\/mevic.pt\/ir\/wp-json\/wp\/v2\/comments?post=2715"}],"version-history":[{"count":7,"href":"https:\/\/mevic.pt\/ir\/wp-json\/wp\/v2\/pages\/2715\/revisions"}],"predecessor-version":[{"id":3286,"href":"https:\/\/mevic.pt\/ir\/wp-json\/wp\/v2\/pages\/2715\/revisions\/3286"}],"wp:attachment":[{"href":"https:\/\/mevic.pt\/ir\/wp-json\/wp\/v2\/media?parent=2715"}],"curies":[{"name":"wp","href":"https:\/\/api.w.org\/{rel}","templated":true}]}}