{"id":61,"date":"2020-01-23T18:21:52","date_gmt":"2020-01-23T18:21:52","guid":{"rendered":"https:\/\/demosites.io\/web-agency-gb\/?page_id=61"},"modified":"2026-01-06T00:43:53","modified_gmt":"2026-01-06T00:43:53","slug":"quem-somos","status":"publish","type":"page","link":"https:\/\/mevic.pt\/ir\/quem-somos\/","title":{"rendered":"Quem Somos"},"content":{"rendered":"\n<div style=\"height:30px\" aria-hidden=\"true\" class=\"wp-block-spacer\"><\/div>\n\n\n\n<div class=\"wp-block-cover alignfull has-parallax\" style=\"min-height:600px;aspect-ratio:unset;\" id=\"inicio-do-sonho\"><div class=\"wp-block-cover__image-background wp-image-1023 size-large has-parallax\" style=\"background-position:50% 50%;background-image:url(https:\/\/mevic.pt\/ir\/wp-content\/uploads\/2025\/08\/lisboa-vista-de-cima_bw2-1024x767.jpg)\"><\/div><span aria-hidden=\"true\" class=\"wp-block-cover__background has-nv-site-bg-background-color has-background-dim-80 has-background-dim\"><\/span><div class=\"wp-block-cover__inner-container is-layout-flow wp-block-cover-is-layout-flow\">\n<div class=\"wp-block-group\"><div class=\"wp-block-group__inner-container is-layout-flow wp-block-group-is-layout-flow\">\n<div style=\"height:50px\" aria-hidden=\"true\" class=\"wp-block-spacer\"><\/div>\n\n\n\n<div class=\"wp-block-columns has-neve-text-color-color has-text-color is-layout-flex wp-container-core-columns-is-layout-9d6595d7 wp-block-columns-is-layout-flex\">\n<div class=\"wp-block-column is-vertically-aligned-center is-layout-flow wp-block-column-is-layout-flow\" style=\"flex-basis:50%\">\n<h2 class=\"wp-block-heading has-text-align-left has-neve-text-color-color has-text-color\">In\u00edcio de um sonho<\/h2>\n\n\n\n<blockquote class=\"wp-block-quote is-style-plain is-layout-flow wp-block-quote-is-layout-flow\" style=\"font-size:14px\">\n<p class=\"has-neve-text-color-color has-text-color\">\u201cA Avante, miss\u00e3o evang\u00e9lica transcultural, sediada no Brasil foi a nossa miss\u00e3o enviadora. Ficamos com eles por mais de 10 anos. O objetivo da Avante era fundar uma miss\u00e3o nativa, como tinham feito com a Avance, fundada no Uruguai, na mesma altura, nos mesmos moldes da MEVIC. O Oswaldo Prado era um dos diretores. Foi assim que viemos com esta tarefa. Com o passar do tempo come\u00e7amos a mobilizar l\u00edderes jovens (na altura) portugueses como o Paulo Pascoal, Samuel Paulo, bem como convidamos mission\u00e1rios que tamb\u00e9m tinham a mesma vis\u00e3o: Roberto Fife, Jo\u00e3o Carpenter e n\u00f3s.\u201d<\/p>\n<cite>(Arlete e Luiz Carlos Castro)<\/cite><\/blockquote>\n\n\n\n<blockquote class=\"wp-block-quote is-style-plain is-layout-flow wp-block-quote-is-layout-flow\" style=\"font-size:15px\">\n<p class=\"has-neve-text-color-color has-text-color\">\u201cDeus juntou Luiz Carlos Castro, o Samuel Santos, o Roberto Pfeiffer, o John Carpenter e eu pr\u00f3prio (Paulo Pascoal) para, em novembro de 1998, fundarmos uma ag\u00eancia mission\u00e1ria interdenominacional cujo nome \u00e9 MEVIC. Nessa altura, foi a miss\u00e3o Avante do Brasil, em parceria com a World Partners do Canad\u00e1, que nos inspiraram a faz\u00ea-lo. S\u00e3o as organiza\u00e7\u00f5es m\u00e3e \/ pai da MEVIC.\u201d<\/p>\n<cite>(Paulo Pascoal)<\/cite><\/blockquote>\n\n\n\n<blockquote class=\"wp-block-quote is-style-plain is-layout-flow wp-block-quote-is-layout-flow\" style=\"font-size:15px\">\n<p class=\"has-neve-text-color-color has-text-color\">\u201cLuiz foi o primeiro presidente, mas a inten\u00e7\u00e3o sempre foi que portugueses assumissem e depois de 4 anos o Paulo assumiu. J\u00e1 l\u00e1 v\u00e3o mais de 25 anos. Assim nasceu a MEVIC\u201d <\/p>\n<cite>(Arlete Castro)<\/cite><\/blockquote>\n<\/div>\n\n\n\n<div class=\"wp-block-column is-vertically-aligned-center is-layout-flow wp-block-column-is-layout-flow\" style=\"flex-basis:50%\"><div class=\"wp-block-image wp-duotone-unset-1\">\n<figure class=\"aligncenter size-full\"><img loading=\"lazy\" decoding=\"async\" width=\"567\" height=\"603\" src=\"https:\/\/mevic.pt\/ir\/wp-content\/uploads\/2025\/11\/fundadores-mevic-1.jpg\" alt=\"\" class=\"wp-image-3304\" srcset=\"https:\/\/mevic.pt\/ir\/wp-content\/uploads\/2025\/11\/fundadores-mevic-1.jpg 567w, https:\/\/mevic.pt\/ir\/wp-content\/uploads\/2025\/11\/fundadores-mevic-1-282x300.jpg 282w, https:\/\/mevic.pt\/ir\/wp-content\/uploads\/2025\/11\/fundadores-mevic-1-141x150.jpg 141w, https:\/\/mevic.pt\/ir\/wp-content\/uploads\/2025\/11\/fundadores-mevic-1-500x532.jpg 500w\" sizes=\"auto, (max-width: 567px) 100vw, 567px\" \/><\/figure>\n<\/div><\/div>\n<\/div>\n\n\n\n<div style=\"height:20px\" aria-hidden=\"true\" class=\"wp-block-spacer\"><\/div>\n<\/div><\/div>\n<\/div><\/div>\n\n\n\n<div class=\"wp-block-cover alignfull\" style=\"min-height:600px;aspect-ratio:unset;\" id=\"passado-presente\"><span aria-hidden=\"true\" class=\"wp-block-cover__background has-neve-link-hover-color-background-color has-background-dim-100 has-background-dim\"><\/span><div class=\"wp-block-cover__inner-container is-layout-flow wp-block-cover-is-layout-flow\">\n<div class=\"wp-block-group\"><div class=\"wp-block-group__inner-container is-layout-flow wp-block-group-is-layout-flow\">\n<div style=\"height:50px\" aria-hidden=\"true\" class=\"wp-block-spacer\"><\/div>\n\n\n\n<div class=\"wp-block-columns are-vertically-aligned-center has-neve-text-color-color has-text-color is-layout-flex wp-container-core-columns-is-layout-9d6595d7 wp-block-columns-is-layout-flex\">\n<div class=\"wp-block-column is-vertically-aligned-center is-layout-flow wp-block-column-is-layout-flow\" style=\"flex-basis:50%\"><div class=\"wp-block-image wp-duotone-rgb988790-rgb255251213-2\">\n<figure class=\"aligncenter size-full\"><img loading=\"lazy\" decoding=\"async\" width=\"900\" height=\"655\" src=\"https:\/\/mevic.pt\/ir\/wp-content\/uploads\/2025\/08\/fam_mev.jpg\" alt=\"\" class=\"wp-image-471\" srcset=\"https:\/\/mevic.pt\/ir\/wp-content\/uploads\/2025\/08\/fam_mev.jpg 900w, https:\/\/mevic.pt\/ir\/wp-content\/uploads\/2025\/08\/fam_mev-300x218.jpg 300w, https:\/\/mevic.pt\/ir\/wp-content\/uploads\/2025\/08\/fam_mev-768x559.jpg 768w\" sizes=\"auto, (max-width: 900px) 100vw, 900px\" \/><\/figure>\n<\/div><\/div>\n\n\n\n<div class=\"wp-block-column is-vertically-aligned-center is-layout-flow wp-block-column-is-layout-flow\" style=\"flex-basis:50%\">\n<h2 class=\"wp-block-heading has-text-align-left\">Passado e presente<\/h2>\n\n\n\n<p>A MEVIC nasceu em 1998 com um sonho audacioso: ver a Igreja de express\u00e3o portuguesa tornar-se uma poderosa for\u00e7a mission\u00e1ria.<\/p>\n\n\n\n<p>Esse sonho n\u00e3o apenas sobreviveu ao tempo; ele ganhou vida e cresceu, transformando-se numa fam\u00edlia vibrante, composta por muitos mission\u00e1rios e in\u00fameros projetos, todos unidos pela miss\u00e3o de avan\u00e7ar o Reino de Deus.<\/p>\n\n\n\n<p>O passado, repleto de conquistas e desafios, deu lugar ao presente, e \u00e9 nele que encontramos a inspira\u00e7\u00e3o para construir o futuro.<\/p>\n<\/div>\n<\/div>\n\n\n\n<div style=\"height:40px\" aria-hidden=\"true\" class=\"wp-block-spacer\"><\/div>\n<\/div><\/div>\n<\/div><\/div>\n\n\n\n<div class=\"wp-block-cover alignfull\" style=\"min-height:600px;aspect-ratio:unset;\" id=\"olhar-futuro\"><span aria-hidden=\"true\" class=\"wp-block-cover__background has-background-dim-90 has-background-dim\" style=\"background-color:#333333\"><\/span><div class=\"wp-block-cover__inner-container is-layout-flow wp-block-cover-is-layout-flow\">\n<div class=\"wp-block-group\"><div class=\"wp-block-group__inner-container is-layout-flow wp-block-group-is-layout-flow\">\n<div style=\"height:80px\" aria-hidden=\"true\" class=\"wp-block-spacer\"><\/div>\n\n\n\n<div class=\"wp-block-columns are-vertically-aligned-center is-layout-flex wp-container-core-columns-is-layout-9d6595d7 wp-block-columns-is-layout-flex\">\n<div class=\"wp-block-column is-vertically-aligned-center is-layout-flow wp-block-column-is-layout-flow\" style=\"flex-basis:50%\">\n<h2 class=\"wp-block-heading has-text-align-left\">Olhar para o futuro<\/h2>\n\n\n\n<p class=\"has-nv-site-bg-color has-text-color has-link-color wp-elements-a77d74ca894c5c27932f3b30a9e5021d\">Olhamos para o futuro com cora\u00e7\u00f5es cheios de esperan\u00e7a e determina\u00e7\u00e3o. O que nos espera? A resposta \u00e9 clara:<\/p>\n\n\n\n<p class=\"has-nv-site-bg-color has-text-color has-link-color wp-elements-5dbee35f763dc018fa6b7e1d4f6e3cb5\"><i class=\"fa fa-compress-arrows-alt\" style=\"color:#f9b233; font-size: 44px; float: left; margin: 8px; vertical-align: top;\"><\/i>A MEVIC continuar\u00e1 a ser um ponto de encontro para crist\u00e3os, igrejas e organiza\u00e7\u00f5es, unindo for\u00e7as num s\u00f3 prop\u00f3sito: testemunhar juntos, espalhando a luz do evangelho.<\/p>\n\n\n\n<p class=\"has-nv-site-bg-color has-text-color has-link-color wp-elements-ef90cb9f0ce00d0e26756b90d55c7f6a\"><i class=\"fa fa-hiking\" style=\"color:#f9b233; font-size: 44px; float: left; margin: 8px; vertical-align: top;\"><\/i>Sonhamos com um movimento mission\u00e1rio sem fronteiras, que chegue aos lugares mais distantes e aos cora\u00e7\u00f5es mais necessitados, iluminando at\u00e9 os locais mais escuros da lusofonia, e se espalhe pelos quatro cantos do mundo.<\/p>\n\n\n\n<p class=\"has-nv-site-bg-color has-text-color has-link-color wp-elements-89ae2cdeea1090e33e3b6e44c848686e\"><i class=\"fa fa-seedling\" style=\"color:#f9b233; font-size: 44px; float: left; margin: 8px; vertical-align: top;\"><\/i>A MEVIC ser\u00e1 uma incubadora de l\u00edderes, onde novos mobilizadores ser\u00e3o formados e desafiados a inspirar outros a unirem-se \u00e0 miss\u00e3o de expandir o Reino de Deus, com coragem e paix\u00e3o.<\/p>\n\n\n\n<p class=\"has-nv-site-bg-color has-text-color has-link-color wp-elements-41d854f5adc63e2c670e9031a3bf38f3\">Juntos, com f\u00e9 e ousadia, vamos escrever um novo cap\u00edtulo. O futuro \u00e9 promissor e, com a gra\u00e7a de Deus, a MEVIC continuar\u00e1 a ser um farol de esperan\u00e7a, inspira\u00e7\u00e3o e transforma\u00e7\u00e3o.<\/p>\n<\/div>\n\n\n\n<div class=\"wp-block-column is-vertically-aligned-center is-layout-flow wp-block-column-is-layout-flow\" style=\"flex-basis:50%\"><div class=\"wp-block-image wp-duotone-unset-3\">\n<figure class=\"aligncenter size-full\"><img loading=\"lazy\" decoding=\"async\" width=\"1081\" height=\"817\" src=\"https:\/\/mevic.pt\/ir\/wp-content\/uploads\/2025\/11\/olhar-futuro.jpg\" alt=\"\" class=\"wp-image-3027\" srcset=\"https:\/\/mevic.pt\/ir\/wp-content\/uploads\/2025\/11\/olhar-futuro.jpg 1081w, https:\/\/mevic.pt\/ir\/wp-content\/uploads\/2025\/11\/olhar-futuro-300x227.jpg 300w, https:\/\/mevic.pt\/ir\/wp-content\/uploads\/2025\/11\/olhar-futuro-1024x774.jpg 1024w, https:\/\/mevic.pt\/ir\/wp-content\/uploads\/2025\/11\/olhar-futuro-150x113.jpg 150w, https:\/\/mevic.pt\/ir\/wp-content\/uploads\/2025\/11\/olhar-futuro-768x580.jpg 768w, https:\/\/mevic.pt\/ir\/wp-content\/uploads\/2025\/11\/olhar-futuro-500x378.jpg 500w, https:\/\/mevic.pt\/ir\/wp-content\/uploads\/2025\/11\/olhar-futuro-800x605.jpg 800w\" sizes=\"auto, (max-width: 1081px) 100vw, 1081px\" \/><\/figure>\n<\/div><\/div>\n<\/div>\n\n\n\n<div style=\"height:40px\" aria-hidden=\"true\" class=\"wp-block-spacer\"><\/div>\n<\/div><\/div>\n<\/div><\/div>\n\n\n\n<div class=\"wp-block-cover alignfull has-parallax wp-duotone-unset-10\" style=\"min-height:600px;aspect-ratio:unset;\" id=\"a-equipa\"><div class=\"wp-block-cover__image-background wp-image-1023 size-large has-parallax\" style=\"background-position:50% 50%;background-image:url(https:\/\/mevic.pt\/ir\/wp-content\/uploads\/2025\/08\/lisboa-vista-de-cima_bw2-1024x767.jpg)\"><\/div><span aria-hidden=\"true\" class=\"wp-block-cover__background has-neve-link-hover-color-background-color has-background-dim-70 has-background-dim\"><\/span><div class=\"wp-block-cover__inner-container is-layout-flow wp-block-cover-is-layout-flow\">\n<div class=\"wp-block-group\"><div class=\"wp-block-group__inner-container is-layout-flow wp-block-group-is-layout-flow\">\n<div style=\"height:80px\" aria-hidden=\"true\" class=\"wp-block-spacer\"><\/div>\n\n\n<div class=\"wp-block-image\">\n<figure class=\"aligncenter size-full is-resized\"><img loading=\"lazy\" decoding=\"async\" width=\"530\" height=\"200\" src=\"https:\/\/mevic.pt\/ir\/wp-content\/uploads\/2025\/08\/MEVIC_Horizontal_s.png\" alt=\"\" class=\"wp-image-1652\" style=\"width:133px;height:auto\" srcset=\"https:\/\/mevic.pt\/ir\/wp-content\/uploads\/2025\/08\/MEVIC_Horizontal_s.png 530w, https:\/\/mevic.pt\/ir\/wp-content\/uploads\/2025\/08\/MEVIC_Horizontal_s-300x113.png 300w, https:\/\/mevic.pt\/ir\/wp-content\/uploads\/2025\/08\/MEVIC_Horizontal_s-150x57.png 150w\" sizes=\"auto, (max-width: 530px) 100vw, 530px\" \/><\/figure>\n<\/div>\n\n\n<div style=\"height:20px\" aria-hidden=\"true\" class=\"wp-block-spacer\"><\/div>\n\n\n\n<p class=\"has-text-align-center has-neve-text-color-color has-text-color has-link-color wp-elements-8e03235728d77ab354b4a437f069cfce\">Uma equipa que v\u00ea a Igreja de express\u00e3o Portuguesa como for\u00e7a mission\u00e1ria e se dedica a servi-la no cumprimento da Grande Comiss\u00e3o.<\/p>\n\n\n\n<div style=\"height:20px\" aria-hidden=\"true\" class=\"wp-block-spacer\"><\/div>\n\n\n\n<div class=\"wp-block-columns is-layout-flex wp-container-core-columns-is-layout-9d6595d7 wp-block-columns-is-layout-flex\">\n<div class=\"wp-block-column animated fadeIn is-layout-flow wp-block-column-is-layout-flow\"><div class=\"wp-block-image is-style-default wp-duotone-unset-4\">\n<figure class=\"aligncenter size-full\"><a href=\"https:\/\/mevic.pt\/ir\/roberto-fife\"><img loading=\"lazy\" decoding=\"async\" width=\"225\" height=\"225\" src=\"https:\/\/mevic.pt\/ir\/wp-content\/uploads\/2025\/08\/01-225x225-1.jpg\" alt=\"\" class=\"wp-image-479\" srcset=\"https:\/\/mevic.pt\/ir\/wp-content\/uploads\/2025\/08\/01-225x225-1.jpg 225w, https:\/\/mevic.pt\/ir\/wp-content\/uploads\/2025\/08\/01-225x225-1-150x150.jpg 150w\" sizes=\"auto, (max-width: 225px) 100vw, 225px\" \/><\/a><\/figure>\n<\/div>\n\n\n<div style=\"height:10px\" aria-hidden=\"true\" class=\"wp-block-spacer\"><\/div>\n\n\n\n<h3 class=\"wp-block-heading has-text-align-center has-neve-text-color-color has-text-color\">Roberto<br>Fife<\/h3>\n\n\n\n<p class=\"has-text-align-center has-neve-text-color-color has-text-color has-small-font-size\">Presidente<\/p>\n\n\n\n<div style=\"height:10px\" aria-hidden=\"true\" class=\"wp-block-spacer\"><\/div>\n<\/div>\n\n\n\n<div class=\"wp-block-column is-layout-flow wp-block-column-is-layout-flow\"><div class=\"wp-block-image is-style-default animated fadeIn delay-100ms wp-duotone-unset-5\">\n<figure class=\"aligncenter size-full\"><a href=\"https:\/\/mevic.pt\/ir\/josue-ponte\"><img loading=\"lazy\" decoding=\"async\" width=\"225\" height=\"225\" src=\"https:\/\/mevic.pt\/ir\/wp-content\/uploads\/2025\/08\/02-225x225-1.jpg\" alt=\"\" class=\"wp-image-476\" srcset=\"https:\/\/mevic.pt\/ir\/wp-content\/uploads\/2025\/08\/02-225x225-1.jpg 225w, https:\/\/mevic.pt\/ir\/wp-content\/uploads\/2025\/08\/02-225x225-1-150x150.jpg 150w\" sizes=\"auto, (max-width: 225px) 100vw, 225px\" \/><\/a><\/figure>\n<\/div>\n\n\n<div style=\"height:10px\" aria-hidden=\"true\" class=\"wp-block-spacer\"><\/div>\n\n\n\n<h3 class=\"wp-block-heading has-text-align-center has-neve-text-color-color has-text-color\">Josu\u00e9<br>da Ponte<\/h3>\n\n\n\n<p class=\"has-text-align-center has-neve-text-color-color has-text-color has-small-font-size\">Co-Director Executivo<\/p>\n\n\n\n<div style=\"height:10px\" aria-hidden=\"true\" class=\"wp-block-spacer\"><\/div>\n<\/div>\n\n\n\n<div class=\"wp-block-column is-layout-flow wp-block-column-is-layout-flow\"><div class=\"wp-block-image is-style-default animated fadeIn delay-500ms wp-duotone-unset-6\">\n<figure class=\"aligncenter size-full\"><a href=\"https:\/\/mevic.pt\/ir\/pedro-silva\"><img loading=\"lazy\" decoding=\"async\" width=\"225\" height=\"225\" src=\"https:\/\/mevic.pt\/ir\/wp-content\/uploads\/2025\/08\/03-225x225-2.jpg\" alt=\"\" class=\"wp-image-2149\" srcset=\"https:\/\/mevic.pt\/ir\/wp-content\/uploads\/2025\/08\/03-225x225-2.jpg 225w, https:\/\/mevic.pt\/ir\/wp-content\/uploads\/2025\/08\/03-225x225-2-150x150.jpg 150w\" sizes=\"auto, (max-width: 225px) 100vw, 225px\" \/><\/a><\/figure>\n<\/div>\n\n\n<div style=\"height:10px\" aria-hidden=\"true\" class=\"wp-block-spacer\"><\/div>\n\n\n\n<h3 class=\"wp-block-heading has-text-align-center has-neve-text-color-color has-text-color\">Pedro<br>Silva<\/h3>\n\n\n\n<p class=\"has-text-align-center has-neve-text-color-color has-text-color has-small-font-size\">Co-Director Executivo<\/p>\n\n\n\n<div style=\"height:10px\" aria-hidden=\"true\" class=\"wp-block-spacer\"><\/div>\n<\/div>\n\n\n\n<div class=\"wp-block-column is-layout-flow wp-block-column-is-layout-flow\"><div class=\"wp-block-image is-style-default animated fadeIn delay-500ms wp-duotone-unset-7\">\n<figure class=\"aligncenter size-full\"><a href=\"https:\/\/mevic.pt\/ir\/erica-garbino\"><img decoding=\"async\" src=\"https:\/\/mevic.pt\/ir\/wp-content\/uploads\/2025\/08\/04-225x225-2.jpg\" alt=\"\" class=\"wp-image-492\"\/><\/a><\/figure>\n<\/div>\n\n\n<div style=\"height:10px\" aria-hidden=\"true\" class=\"wp-block-spacer\"><\/div>\n\n\n\n<h3 class=\"wp-block-heading has-text-align-center has-neve-text-color-color has-text-color\">\u00c9rica<br>Garbino<\/h3>\n\n\n\n<p class=\"has-text-align-center has-neve-text-color-color has-text-color has-small-font-size\">Secretariado<\/p>\n\n\n\n<div style=\"height:10px\" aria-hidden=\"true\" class=\"wp-block-spacer\"><\/div>\n<\/div>\n\n\n\n<div class=\"wp-block-column is-layout-flow wp-block-column-is-layout-flow\"><div class=\"wp-block-image is-style-default animated fadeIn delay-500ms wp-duotone-unset-8\">\n<figure class=\"aligncenter size-full\"><a href=\"https:\/\/mevic.pt\/ir\/daniel-ponte\/\"><img loading=\"lazy\" decoding=\"async\" width=\"225\" height=\"225\" src=\"https:\/\/mevic.pt\/ir\/wp-content\/uploads\/2025\/09\/07-225x225-1.jpg\" alt=\"\" class=\"wp-image-2300\" srcset=\"https:\/\/mevic.pt\/ir\/wp-content\/uploads\/2025\/09\/07-225x225-1.jpg 225w, https:\/\/mevic.pt\/ir\/wp-content\/uploads\/2025\/09\/07-225x225-1-150x150.jpg 150w\" sizes=\"auto, (max-width: 225px) 100vw, 225px\" \/><\/a><\/figure>\n<\/div>\n\n\n<div style=\"height:10px\" aria-hidden=\"true\" class=\"wp-block-spacer\"><\/div>\n\n\n\n<h3 class=\"wp-block-heading has-text-align-center has-neve-text-color-color has-text-color\">Daniel<br>Ponte<\/h3>\n\n\n\n<p class=\"has-text-align-center has-neve-text-color-color has-text-color has-small-font-size\">GLS Summit<\/p>\n\n\n\n<div style=\"height:10px\" aria-hidden=\"true\" class=\"wp-block-spacer\"><\/div>\n<\/div>\n\n\n\n<div class=\"wp-block-column is-layout-flow wp-block-column-is-layout-flow\"><div class=\"wp-block-image is-style-default animated fadeIn delay-500ms wp-duotone-unset-9\">\n<figure class=\"aligncenter size-full\"><a href=\"https:\/\/mevic.pt\/ir\/rita-pimentel\"><img decoding=\"async\" src=\"https:\/\/mevic.pt\/ir\/wp-content\/uploads\/2026\/01\/06-225x225-1.jpg\" alt=\"\" class=\"wp-image-3890\"\/><\/a><\/figure>\n<\/div>\n\n\n<div style=\"height:10px\" aria-hidden=\"true\" class=\"wp-block-spacer\"><\/div>\n\n\n\n<h3 class=\"wp-block-heading has-text-align-center has-neve-text-color-color has-text-color\">Rita<br>Pimentel<\/h3>\n\n\n\n<p class=\"has-text-align-center has-neve-text-color-color has-text-color has-small-font-size\">Coordena\u00e7\u00e3o de Projetos<\/p>\n\n\n\n<div style=\"height:10px\" aria-hidden=\"true\" class=\"wp-block-spacer\"><\/div>\n<\/div>\n<\/div>\n\n\n\n<div style=\"height:40px\" aria-hidden=\"true\" class=\"wp-block-spacer\"><\/div>\n<\/div><\/div>\n<\/div><\/div>\n\n\n\n<div class=\"wp-block-cover alignfull is-light\" style=\"min-height:600px;aspect-ratio:unset;\" id=\"ser-intercessor\"><span aria-hidden=\"true\" class=\"wp-block-cover__background has-neve-link-hover-color-background-color has-background-dim\"><\/span><div class=\"wp-block-cover__inner-container is-layout-flow wp-block-cover-is-layout-flow\">\n<div class=\"wp-block-group\"><div class=\"wp-block-group__inner-container is-layout-flow wp-block-group-is-layout-flow\">\n<div style=\"height:100px\" aria-hidden=\"true\" class=\"wp-block-spacer\"><\/div>\n\n\n\n<div class=\"wp-block-columns are-vertically-aligned-top has-neve-text-color-color has-text-color is-layout-flex wp-container-core-columns-is-layout-9d6595d7 wp-block-columns-is-layout-flex\">\n<div class=\"wp-block-column is-vertically-aligned-top is-layout-flow wp-block-column-is-layout-flow\" style=\"flex-basis:50%\"><div class=\"wp-block-image wp-duotone-unset-11\">\n<figure class=\"aligncenter size-full is-resized\"><img loading=\"lazy\" decoding=\"async\" width=\"600\" height=\"600\" src=\"https:\/\/mevic.pt\/ir\/wp-content\/uploads\/2025\/08\/oracao2_s.jpg\" alt=\"\" class=\"wp-image-1789\" style=\"width:440px\" srcset=\"https:\/\/mevic.pt\/ir\/wp-content\/uploads\/2025\/08\/oracao2_s.jpg 600w, https:\/\/mevic.pt\/ir\/wp-content\/uploads\/2025\/08\/oracao2_s-300x300.jpg 300w, https:\/\/mevic.pt\/ir\/wp-content\/uploads\/2025\/08\/oracao2_s-150x150.jpg 150w\" sizes=\"auto, (max-width: 600px) 100vw, 600px\" \/><\/figure>\n<\/div>\n\n\n<div style=\"height:40px\" aria-hidden=\"true\" class=\"wp-block-spacer\"><\/div>\n\n\n\n<p class=\"has-neve-text-color-color has-text-color\">Seja um(a) intercessor(a) e companheiro(a) de ora\u00e7\u00e3o, levantando diante de Deus a MEVIC, o seu minist\u00e9rio em cada dia e, sobretudo, os campos mission\u00e1rios.<\/p>\n\n\n\n<p class=\"has-neve-text-color-color has-text-color\">As cartas de not\u00edcias trazem assuntos atuais de ora\u00e7\u00e3o.<\/p>\n\n\n\n<p class=\"has-neve-text-color-color has-text-color\">Pode orar sozinho(a) ou com amigos que se re\u00fanem regularmente para orar por assuntos atuais.<\/p>\n<\/div>\n\n\n\n<div class=\"wp-block-column is-vertically-aligned-top ticss-128dea0e is-layout-flow wp-block-column-is-layout-flow\" style=\"flex-basis:50%\">\n<h2 class=\"wp-block-heading has-text-align-center has-neve-text-color-color has-text-color\">Intercessores<\/h2>\n\n\n\n<p class=\"has-text-align-center\"><sup>(Candidatura de interesse)<\/sup><\/p>\n\n\n<style id=\"fluentform-block-custom-styles-6\">.fluentform.fluentform_wrapper_6.ff_guten_block.ff_guten_block-6 .ff-el-input--label label { color: #000000; }\n<\/style><div class='fluentform ff-default fluentform_wrapper_6 ticss-308f2437 ff_guten_block ff_guten_block-6 ffs_default_wrap'><form data-form_id=\"6\" id=\"fluentform_6\" class=\"frm-fluent-form fluent_form_6 ff-el-form-top ff_form_instance_6_1 ff-form-loading ffs_default\" data-form_instance=\"ff_form_instance_6_1\" method=\"POST\" ><fieldset  style=\"border: none!important;margin: 0!important;padding: 0!important;background-color: transparent!important;box-shadow: none!important;outline: none!important; min-inline-size: 100%;\">\n                    <legend class=\"ff_screen_reader_title\" style=\"display: block; margin: 0!important;padding: 0!important;height: 0!important;text-indent: -999999px;width: 0!important;overflow:hidden;\">Quero ser Intercessor da MEVIC<\/legend>        <div\n                style=\"display: none!important; position: absolute!important; transform: translateX(1000%)!important;\"\n                class=\"ff-el-group ff-hpsf-container\"\n        >\n            <div class=\"ff-el-input--label asterisk-right\">\n                <label for=\"ff_6_item_sf\" aria-label=\"Notify\">\n                    Notify                <\/label>\n            <\/div>\n            <div class=\"ff-el-input--content\">\n                <input type=\"text\"\n                       name=\"item_6__fluent_sf\"\n                       class=\"ff-el-form-control\"\n                       id=\"ff_6_item_sf\"\n                \/>\n            <\/div>\n        <\/div>\n                <input type=\"hidden\" id=\"__fluent_protection_token_6\" class=\"fluent-form-token-field\" name=\"__fluent_protection_token_6\">\n        <input type='hidden' name='__fluent_form_embded_post_id' value='61' \/><input type=\"hidden\" id=\"_fluentform_6_fluentformnonce\" name=\"_fluentform_6_fluentformnonce\" value=\"629f2314ed\" \/><input type=\"hidden\" name=\"_wp_http_referer\" value=\"\/ir\/wp-json\/wp\/v2\/pages\/61\" \/><div data-name=\"ff_cn_id_1\"  class='ff-t-container ff-column-container ff_columns_total_2 '><div class='ff-t-cell ff-t-column-1' style='flex-basis: 50%;'><div class='ff-el-group ff-el-form-top'><div class=\"ff-el-input--label ff-el-is-required asterisk-right\"><label for='ff_6_first_name' id='label_ff_6_first_name' >Primeiro Nome<\/label><\/div><div class='ff-el-input--content'><input type=\"text\" name=\"first_name\" class=\"ff-el-form-control\" data-name=\"first_name\" id=\"ff_6_first_name\"  aria-invalid=\"false\" aria-required=true><\/div><\/div><\/div><div class='ff-t-cell ff-t-column-2' style='flex-basis: 50%;'><div class='ff-el-group ff-el-form-top'><div class=\"ff-el-input--label ff-el-is-required asterisk-right\"><label for='ff_6_last_name' id='label_ff_6_last_name' >\u00daltimo Nome<\/label><\/div><div class='ff-el-input--content'><input type=\"text\" name=\"last_name\" class=\"ff-el-form-control\" data-name=\"last_name\" id=\"ff_6_last_name\"  aria-invalid=\"false\" aria-required=true><\/div><\/div><\/div><\/div><div class='ff-el-group ff-el-form-top'><div class=\"ff-el-input--label ff-el-is-required asterisk-right\"><label for='ff_6_igreja' id='label_ff_6_igreja' aria-label=\"Igreja\">Igreja<\/label><\/div><div class='ff-el-input--content'><input type=\"text\" name=\"igreja\" class=\"ff-el-form-control\" data-name=\"igreja\" id=\"ff_6_igreja\"  aria-invalid=\"false\" aria-required=true><\/div><\/div><div data-name=\"ff_cn_id_2\"  class='ff-t-container ff-column-container ff_columns_total_2 '><div class='ff-t-cell ff-t-column-1' style='flex-basis: 50%;'><div class='ff-el-group ff-el-form-top'><div class=\"ff-el-input--label ff-el-is-required asterisk-right\"><label for='ff_6_pastor' id='label_ff_6_pastor' aria-label=\"Pastor \/ L\u00edder\">Pastor \/ L\u00edder<\/label><\/div><div class='ff-el-input--content'><input type=\"text\" name=\"pastor\" class=\"ff-el-form-control\" data-name=\"pastor\" id=\"ff_6_pastor\"  aria-invalid=\"false\" aria-required=true><\/div><\/div><\/div><div class='ff-t-cell ff-t-column-2' style='flex-basis: 50%;'><div class='ff-el-group ff-el-form-top'><div class=\"ff-el-input--label ff-el-is-required asterisk-right\"><label for='ff_6_telefone' id='label_ff_6_telefone' aria-label=\"Telefone\">Telefone<\/label><\/div><div class='ff-el-input--content'><input type=\"text\" name=\"telefone\" class=\"ff-el-form-control\" data-name=\"telefone\" id=\"ff_6_telefone\"  aria-invalid=\"false\" aria-required=true><\/div><\/div><\/div><\/div><div class='ff-el-group ff-el-form-top'><div class=\"ff-el-input--label ff-el-is-required asterisk-right\"><label for='ff_6_email' id='label_ff_6_email' aria-label=\"Email\">Email<\/label><\/div><div class='ff-el-input--content'><input type=\"email\" name=\"email\" id=\"ff_6_email\" class=\"ff-el-form-control\" data-name=\"email\"  aria-invalid=\"false\" aria-required=true><\/div><\/div><div class='ff-el-group ff-el-form-top'><div class=\"ff-el-input--label ff-el-is-required asterisk-right\"><label for='ff_6_assunto' id='label_ff_6_assunto' aria-label=\"Assunto\">Assunto<\/label><\/div><div class='ff-el-input--content'><input type=\"text\" name=\"assunto\" value=\"Quero ser Intercessor da MEVIC\" class=\"ff-el-form-control\" data-name=\"assunto\" id=\"ff_6_assunto\"  aria-invalid=\"false\" aria-required=true><\/div><\/div><div class='ff-el-group ff-el-form-top'><div class=\"ff-el-input--label ff-el-is-required asterisk-right\"><label for='ff_6_message' id='label_ff_6_message' aria-label=\"Fale-nos resumidamente acerca da sua motiva\u00e7\u00e3o:\">Fale-nos resumidamente acerca da sua motiva\u00e7\u00e3o:<\/label><\/div><div class='ff-el-input--content'><textarea aria-required=\"true\" aria-labelledby=\"label_ff_6_message\" name=\"message\" id=\"ff_6_message\" class=\"ff-el-form-control\" rows=\"4\" cols=\"2\" data-name=\"message\" ><\/textarea><\/div><\/div><div class='ff-el-group    ff-el-input--content'><div class='ff-el-form-check ff-el-tc'><label aria-label='Termos e Condi\u00e7\u00f5es: Li e concordo com a Declara\u00e7\u00e3o de F\u00e9 e a Pol\u00edtica de Privacidade da MEVIC. Cont\u00e9m 2 link(s). Use a navega\u00e7\u00e3o por abas para consultar.' class='ff-el-form-check-label ff_tc_label' for=rgpd_ad42d1b0e7a75e81bfab6834e5eca561><span class='ff_tc_checkbox'><input type=\"checkbox\" name=\"rgpd\" class=\"ff-el-form-check-input\" data-name=\"rgpd\" id=\"rgpd_ad42d1b0e7a75e81bfab6834e5eca561\"  value='on' aria-invalid='false' aria-required=true><\/span> <div class='ff_t_c'><p>Li e concordo com a <a href=\"https:\/\/mevic.pt\/ir\/declaracao-de-fe\/\" target=\"_self\" rel=\"noopener\">Declara\u00e7\u00e3o de F\u00e9<\/a> e a <a href=\"https:\/\/mevic.pt\/ir\/privacidade\/\" target=\"_self\" rel=\"noopener\">Pol\u00edtica de Privacidade<\/a> da MEVIC.<\/p><\/div><\/label><\/div><\/div><div class='ff-el-group ff-text-center ff_submit_btn_wrapper'><button type=\"submit\" class=\"ff-btn ff-btn-submit ff-btn-md ff_btn_style wpf_has_custom_css\"  aria-label=\"Enviar\">Enviar<\/button><\/div><\/fieldset><\/form><div id='fluentform_6_errors' class='ff-errors-in-stack ff_form_instance_6_1 ff-form-loading_errors ff_form_instance_6_1_errors'><\/div><\/div>            <script type=\"text\/javascript\">\n                window.fluent_form_ff_form_instance_6_1 = {\"id\":\"6\",\"ajaxUrl\":\"https:\\\/\\\/mevic.pt\\\/ir\\\/wp-admin\\\/admin-ajax.php\",\"settings\":{\"layout\":{\"labelPlacement\":\"top\",\"helpMessagePlacement\":\"with_label\",\"errorMessagePlacement\":\"inline\"},\"restrictions\":{\"denyEmptySubmission\":{\"enabled\":false}}},\"form_instance\":\"ff_form_instance_6_1\",\"form_id_selector\":\"fluentform_6\",\"rules\":{\"first_name\":{\"required\":{\"value\":true,\"message\":\"Campo obrigat\\u00f3rio\",\"global_message\":\"Campo obrigat\\u00f3rio\",\"global\":true}},\"last_name\":{\"required\":{\"value\":true,\"message\":\"Campo obrigat\\u00f3rio\",\"global_message\":\"Campo obrigat\\u00f3rio\",\"global\":true}},\"igreja\":{\"required\":{\"value\":true,\"message\":\"Campo obrigat\\u00f3rio\",\"global_message\":\"Campo obrigat\\u00f3rio\",\"global\":true}},\"pastor\":{\"required\":{\"value\":true,\"message\":\"Campo obrigat\\u00f3rio\",\"global_message\":\"Campo obrigat\\u00f3rio\",\"global\":true}},\"telefone\":{\"required\":{\"value\":true,\"message\":\"Campo obrigat\\u00f3rio\",\"global_message\":\"Campo obrigat\\u00f3rio\",\"global\":true}},\"email\":{\"required\":{\"value\":true,\"message\":\"Campo obrigat\\u00f3rio\",\"global\":true,\"global_message\":\"Campo obrigat\\u00f3rio\"},\"email\":{\"value\":true,\"message\":\"Indique um email v\\u00e1lido\",\"global\":true,\"global_message\":\"Indique um email v\\u00e1lido\"}},\"assunto\":{\"required\":{\"value\":true,\"message\":\"Campo obrigat\\u00f3rio\",\"global_message\":\"Campo obrigat\\u00f3rio\",\"global\":true}},\"message\":{\"required\":{\"value\":true,\"message\":\"Campo obrigat\\u00f3rio\",\"global\":true,\"global_message\":\"Campo obrigat\\u00f3rio\"}},\"rgpd\":{\"required\":{\"value\":true,\"message\":\"Campo obrigat\\u00f3rio\",\"global_message\":\"Campo obrigat\\u00f3rio\",\"global\":true}}},\"debounce_time\":300};\n                            <\/script>\n            <\/div>\n<\/div>\n\n\n\n<div style=\"height:30px\" aria-hidden=\"true\" class=\"wp-block-spacer\"><\/div>\n\n\n<input type=\"button\" value=\"Voltar\" class=\"alg_back_button_input \" style=\"color:#ffffff; border-radius:8px;\" onclick=\"window.history.back()\" \/>\n\n\n\n<div style=\"height:80px\" aria-hidden=\"true\" class=\"wp-block-spacer\"><\/div>\n<\/div><\/div>\n<\/div><\/div>\n","protected":false},"excerpt":{"rendered":"","protected":false},"author":1,"featured_media":0,"parent":0,"menu_order":0,"comment_status":"closed","ping_status":"closed","template":"","meta":{"_uag_custom_page_level_css":"","neve_meta_sidebar":"default","neve_meta_container":"default","neve_meta_enable_content_width":"on","neve_meta_content_width":100,"neve_meta_title_alignment":"","neve_meta_author_avatar":"","neve_post_elements_order":"","neve_meta_disable_header":"","neve_meta_disable_footer":"","neve_meta_disable_title":"off","_themeisle_gutenberg_block_has_review":false,"_vp_format_video_url":"","_vp_image_focal_point":[],"footnotes":""},"class_list":["post-61","page","type-page","status-publish","hentry"],"uagb_featured_image_src":{"full":false,"thumbnail":false,"medium":false,"medium_large":false,"large":false,"1536x1536":false,"2048x2048":false,"vp_sm":false,"vp_md":false,"vp_lg":false,"vp_xl":false,"vp_sm_popup":false,"vp_md_popup":false,"vp_xl_popup":false,"neve-blog":false},"uagb_author_info":{"display_name":"wpadminmev","author_link":"https:\/\/mevic.pt\/ir\/blog\/author\/wpadminmev\/"},"uagb_comment_info":0,"uagb_excerpt":null,"_links":{"self":[{"href":"https:\/\/mevic.pt\/ir\/wp-json\/wp\/v2\/pages\/61","targetHints":{"allow":["GET"]}}],"collection":[{"href":"https:\/\/mevic.pt\/ir\/wp-json\/wp\/v2\/pages"}],"about":[{"href":"https:\/\/mevic.pt\/ir\/wp-json\/wp\/v2\/types\/page"}],"author":[{"embeddable":true,"href":"https:\/\/mevic.pt\/ir\/wp-json\/wp\/v2\/users\/1"}],"replies":[{"embeddable":true,"href":"https:\/\/mevic.pt\/ir\/wp-json\/wp\/v2\/comments?post=61"}],"version-history":[{"count":210,"href":"https:\/\/mevic.pt\/ir\/wp-json\/wp\/v2\/pages\/61\/revisions"}],"predecessor-version":[{"id":3906,"href":"https:\/\/mevic.pt\/ir\/wp-json\/wp\/v2\/pages\/61\/revisions\/3906"}],"wp:attachment":[{"href":"https:\/\/mevic.pt\/ir\/wp-json\/wp\/v2\/media?parent=61"}],"curies":[{"name":"wp","href":"https:\/\/api.w.org\/{rel}","templated":true}]}}